{"id":1597,"date":"2022-04-11T07:42:51","date_gmt":"2022-04-11T07:42:51","guid":{"rendered":"http:\/\/turismoburgos.digital\/?page_id=1597"},"modified":"2022-04-11T09:31:25","modified_gmt":"2022-04-11T09:31:25","slug":"camino-de-santiago","status":"publish","type":"page","link":"https:\/\/turismoburgos.digital\/index.php\/camino-de-santiago\/","title":{"rendered":"Camino de Santiago"},"content":{"rendered":"\n<hr class=\"wp-block-separator\"\/>\n\n\n\n<figure class=\"wp-block-image size-full is-resized\"><img loading=\"lazy\" src=\"http:\/\/turismoburgos.digital\/wp-content\/uploads\/2022\/04\/Ages_Burgos_Camino_Frances_02.jpg\" alt=\"\" class=\"wp-image-1603\" width=\"1240\" height=\"696\" srcset=\"https:\/\/turismoburgos.digital\/wp-content\/uploads\/2022\/04\/Ages_Burgos_Camino_Frances_02.jpg 900w, https:\/\/turismoburgos.digital\/wp-content\/uploads\/2022\/04\/Ages_Burgos_Camino_Frances_02-300x168.jpg 300w, https:\/\/turismoburgos.digital\/wp-content\/uploads\/2022\/04\/Ages_Burgos_Camino_Frances_02-768x431.jpg 768w, https:\/\/turismoburgos.digital\/wp-content\/uploads\/2022\/04\/Ages_Burgos_Camino_Frances_02-496x278.jpg 496w, https:\/\/turismoburgos.digital\/wp-content\/uploads\/2022\/04\/Ages_Burgos_Camino_Frances_02-800x449.jpg 800w, https:\/\/turismoburgos.digital\/wp-content\/uploads\/2022\/04\/Ages_Burgos_Camino_Frances_02-512x287.jpg 512w\" sizes=\"(max-width: 1240px) 100vw, 1240px\" \/><\/figure>\n\n\n\n<hr class=\"wp-block-separator\"\/>\n\n\n\n<p><strong>Una vez abandonadas las tierras riojanas, como peregrino, te adentrar\u00e1s en las benditas tierras burgalesas.<\/strong><br><strong>Ser\u00e1 todav\u00eda una prolongaci\u00f3n de lo caminado, tanto en su paisaje como su clima,<\/strong><br><strong>tal es as\u00ed que a esta zona se la conoce como la Riojilla Burgalesa.<\/strong><br><strong>El Camino de Santiago atraviesa de este a oeste la provincia de Burgos.<\/strong><br><strong>Su estrat\u00e9gica situaci\u00f3n la convirti\u00f3 en paso obligado de millones de peregrinos europeos y espa\u00f1oles, que decidieron a partir del siglo IX, encaminar sus pasos hasta la tumba de nuestro Santo Patr\u00f3n.<\/strong><br><strong>Debido a los avatares pol\u00edticos transcurridos a lo largo de los siglos, existe m\u00e1s de un camino, y de ello tambi\u00e9n procuraremos facilitarte informaci\u00f3n.<\/strong><\/p>\n\n\n\n<hr class=\"wp-block-separator\"\/>\n\n\n\n<div class=\"wp-block-columns\">\n<div class=\"wp-block-column\"><\/div>\n\n\n\n<div class=\"wp-block-column\">\n<figure class=\"wp-block-image size-full\"><a href=\"https:\/\/turismoburgos.es\/redecilladelcamino\/\"><img loading=\"lazy\" width=\"900\" height=\"505\" src=\"http:\/\/turismoburgos.digital\/wp-content\/uploads\/2022\/04\/Redecilla_del_Camino_Burgos_Camino_Frances_entrada.jpg\" alt=\"\" class=\"wp-image-1604\" srcset=\"https:\/\/turismoburgos.digital\/wp-content\/uploads\/2022\/04\/Redecilla_del_Camino_Burgos_Camino_Frances_entrada.jpg 900w, https:\/\/turismoburgos.digital\/wp-content\/uploads\/2022\/04\/Redecilla_del_Camino_Burgos_Camino_Frances_entrada-300x168.jpg 300w, https:\/\/turismoburgos.digital\/wp-content\/uploads\/2022\/04\/Redecilla_del_Camino_Burgos_Camino_Frances_entrada-768x431.jpg 768w, https:\/\/turismoburgos.digital\/wp-content\/uploads\/2022\/04\/Redecilla_del_Camino_Burgos_Camino_Frances_entrada-496x278.jpg 496w, https:\/\/turismoburgos.digital\/wp-content\/uploads\/2022\/04\/Redecilla_del_Camino_Burgos_Camino_Frances_entrada-800x449.jpg 800w, https:\/\/turismoburgos.digital\/wp-content\/uploads\/2022\/04\/Redecilla_del_Camino_Burgos_Camino_Frances_entrada-512x287.jpg 512w\" sizes=\"(max-width: 900px) 100vw, 900px\" \/><\/a><figcaption>REDECILLA del CAMINO<\/figcaption><\/figure>\n\n\n\n<p>Sobre senda atribuida a Santo Domingo de la Calzada, avanzar\u00e1 hasta Redecilla del Camino que es el nombre de la primera poblaci\u00f3n que encontrar\u00e1. Radicella que dec\u00eda el C\u00f3dex.<br>Un rollo jurisdiccional y una fuente con decoraci\u00f3n propia jacobea, le adentrar\u00e1n en su interior.<\/p>\n\n\n\n<p>Comenzar\u00e1 a percibir que los pueblos burgaleses ribere\u00f1os de la sirga jacobea, en su mayor\u00eda, mantienen una construcci\u00f3n lineal de buen sabor medieval.<\/p>\n\n\n\n<hr class=\"wp-block-separator\"\/>\n\n\n\n<figure class=\"wp-block-image size-full\"><a href=\"https:\/\/clickturismo.es\/castildelgado\/\"><img loading=\"lazy\" width=\"900\" height=\"505\" src=\"http:\/\/turismoburgos.digital\/wp-content\/uploads\/2022\/04\/Albergue_Bideluze_Castildelgado_Burgos_Camino_Frances_01.jpg\" alt=\"\" class=\"wp-image-1605\" srcset=\"https:\/\/turismoburgos.digital\/wp-content\/uploads\/2022\/04\/Albergue_Bideluze_Castildelgado_Burgos_Camino_Frances_01.jpg 900w, https:\/\/turismoburgos.digital\/wp-content\/uploads\/2022\/04\/Albergue_Bideluze_Castildelgado_Burgos_Camino_Frances_01-300x168.jpg 300w, https:\/\/turismoburgos.digital\/wp-content\/uploads\/2022\/04\/Albergue_Bideluze_Castildelgado_Burgos_Camino_Frances_01-768x431.jpg 768w, https:\/\/turismoburgos.digital\/wp-content\/uploads\/2022\/04\/Albergue_Bideluze_Castildelgado_Burgos_Camino_Frances_01-496x278.jpg 496w, https:\/\/turismoburgos.digital\/wp-content\/uploads\/2022\/04\/Albergue_Bideluze_Castildelgado_Burgos_Camino_Frances_01-800x449.jpg 800w, https:\/\/turismoburgos.digital\/wp-content\/uploads\/2022\/04\/Albergue_Bideluze_Castildelgado_Burgos_Camino_Frances_01-512x287.jpg 512w\" sizes=\"(max-width: 900px) 100vw, 900px\" \/><\/a><figcaption>CASTILDELGADO<\/figcaption><\/figure>\n\n\n\n<p>Villayp\u00fan se llamaba todav\u00eda en el siglo XVII,<br>y en el siglo XIX compart\u00eda nombre con Castildelgado.<br>Laffi ya hablaba de &#8220;Castel Guado&#8221;..<\/p>\n\n\n\n<p>Su templo parroquial est\u00e1 dedicado a San Pedro;<br>\u00a0es de estilo tardog\u00f3tico.<br>En su interior reposan los restos de su vecino m\u00e1s ilustre: Don Francisco Delgado,<br>quien fue obispo de Ja\u00e9n y Lugo y posteriormente arzobispo en Burgos.<br>De \u00e9l se cuenta que fue el art\u00edfice del cambio de nombre de la Villa de P\u00fan a la Castildelgado actual.<\/p>\n\n\n\n<hr class=\"wp-block-separator\"\/>\n\n\n\n<figure class=\"wp-block-image size-full\"><a href=\"https:\/\/turismoburgos.es\/viloriaderioja\/\"><img loading=\"lazy\" width=\"900\" height=\"505\" src=\"http:\/\/turismoburgos.digital\/wp-content\/uploads\/2022\/04\/Viloria_de_Rioja_Burgos_Camino_Frances_iglesia.jpg\" alt=\"\" class=\"wp-image-1607\" srcset=\"https:\/\/turismoburgos.digital\/wp-content\/uploads\/2022\/04\/Viloria_de_Rioja_Burgos_Camino_Frances_iglesia.jpg 900w, https:\/\/turismoburgos.digital\/wp-content\/uploads\/2022\/04\/Viloria_de_Rioja_Burgos_Camino_Frances_iglesia-300x168.jpg 300w, https:\/\/turismoburgos.digital\/wp-content\/uploads\/2022\/04\/Viloria_de_Rioja_Burgos_Camino_Frances_iglesia-768x431.jpg 768w, https:\/\/turismoburgos.digital\/wp-content\/uploads\/2022\/04\/Viloria_de_Rioja_Burgos_Camino_Frances_iglesia-496x278.jpg 496w, https:\/\/turismoburgos.digital\/wp-content\/uploads\/2022\/04\/Viloria_de_Rioja_Burgos_Camino_Frances_iglesia-800x449.jpg 800w, https:\/\/turismoburgos.digital\/wp-content\/uploads\/2022\/04\/Viloria_de_Rioja_Burgos_Camino_Frances_iglesia-512x287.jpg 512w\" sizes=\"(max-width: 900px) 100vw, 900px\" \/><\/a><figcaption>VILORIA de RIOJA<\/figcaption><\/figure>\n\n\n\n<p><strong>En su templo se conserva la que seg\u00fan la tradici\u00f3n fue la pila en la que se bautiz\u00f3 al Santo.<\/strong><br><strong>Merced al Camino de Santiago, varios edificios blasonados y una incipiente actividad, hablan del resurgir de esta poblaci\u00f3n tan entra\u00f1able.<\/strong><\/p>\n\n\n\n<hr class=\"wp-block-separator\"\/>\n\n\n\n<figure class=\"wp-block-image size-large\"><a href=\"https:\/\/turismoburgos.es\/villamayordelrio\/\"><img loading=\"lazy\" width=\"1024\" height=\"768\" src=\"http:\/\/turismoburgos.digital\/wp-content\/uploads\/2022\/04\/26445-1024x768.jpg\" alt=\"\" class=\"wp-image-1608\" srcset=\"https:\/\/turismoburgos.digital\/wp-content\/uploads\/2022\/04\/26445-1024x768.jpg 1024w, https:\/\/turismoburgos.digital\/wp-content\/uploads\/2022\/04\/26445-300x225.jpg 300w, https:\/\/turismoburgos.digital\/wp-content\/uploads\/2022\/04\/26445-768x576.jpg 768w, https:\/\/turismoburgos.digital\/wp-content\/uploads\/2022\/04\/26445-1536x1152.jpg 1536w, https:\/\/turismoburgos.digital\/wp-content\/uploads\/2022\/04\/26445-2048x1536.jpg 2048w, https:\/\/turismoburgos.digital\/wp-content\/uploads\/2022\/04\/26445-496x372.jpg 496w, https:\/\/turismoburgos.digital\/wp-content\/uploads\/2022\/04\/26445-1240x930.jpg 1240w, https:\/\/turismoburgos.digital\/wp-content\/uploads\/2022\/04\/26445-800x600.jpg 800w, https:\/\/turismoburgos.digital\/wp-content\/uploads\/2022\/04\/26445-512x384.jpg 512w\" sizes=\"(max-width: 1024px) 100vw, 1024px\" \/><\/a><figcaption>VILLAMAYOR del R\u00cdO<\/figcaption><\/figure>\n\n\n\n<p><strong>El pueblo es conocido por &#8220;El pueblo de las Tres mentiras&#8221;, ya que ni es Villa, ni es Mayor, ni tiene R\u00edo.<\/strong><\/p>\n\n\n\n<p><strong>Hay un dicho popular que dice &#8220;eres m\u00e1s alto que Maito&#8221;, un conocido personaje popular de la antigua villa.<\/strong><\/p>\n\n\n\n<p><strong>Es una peque\u00f1a poblaci\u00f3n, pero \u00e9sto no es impedimento para que pueda contar con un albergue. Su templo dedicado a San Gil es lo m\u00e1s destacado de la misma.<\/strong><\/p>\n\n\n\n<hr class=\"wp-block-separator\"\/>\n\n\n\n<figure class=\"wp-block-image size-large\"><a href=\"https:\/\/clickturismo.es\/belorado\/\"><img loading=\"lazy\" width=\"1024\" height=\"745\" src=\"http:\/\/turismoburgos.digital\/wp-content\/uploads\/2022\/04\/31d00e5b0d33365d954ddc5bdc79668f-1024x745.jpg\" alt=\"\" class=\"wp-image-1609\" srcset=\"https:\/\/turismoburgos.digital\/wp-content\/uploads\/2022\/04\/31d00e5b0d33365d954ddc5bdc79668f-1024x745.jpg 1024w, https:\/\/turismoburgos.digital\/wp-content\/uploads\/2022\/04\/31d00e5b0d33365d954ddc5bdc79668f-300x218.jpg 300w, https:\/\/turismoburgos.digital\/wp-content\/uploads\/2022\/04\/31d00e5b0d33365d954ddc5bdc79668f-768x559.jpg 768w, https:\/\/turismoburgos.digital\/wp-content\/uploads\/2022\/04\/31d00e5b0d33365d954ddc5bdc79668f-1536x1117.jpg 1536w, https:\/\/turismoburgos.digital\/wp-content\/uploads\/2022\/04\/31d00e5b0d33365d954ddc5bdc79668f-2048x1489.jpg 2048w, https:\/\/turismoburgos.digital\/wp-content\/uploads\/2022\/04\/31d00e5b0d33365d954ddc5bdc79668f-496x361.jpg 496w, https:\/\/turismoburgos.digital\/wp-content\/uploads\/2022\/04\/31d00e5b0d33365d954ddc5bdc79668f-1240x902.jpg 1240w, https:\/\/turismoburgos.digital\/wp-content\/uploads\/2022\/04\/31d00e5b0d33365d954ddc5bdc79668f-800x582.jpg 800w, https:\/\/turismoburgos.digital\/wp-content\/uploads\/2022\/04\/31d00e5b0d33365d954ddc5bdc79668f-512x372.jpg 512w, https:\/\/turismoburgos.digital\/wp-content\/uploads\/2022\/04\/31d00e5b0d33365d954ddc5bdc79668f-413x300.jpg 413w\" sizes=\"(max-width: 1024px) 100vw, 1024px\" \/><\/a><figcaption>BELORADO<\/figcaption><\/figure>\n\n\n\n<p>Entrando por la carretera, el peregrino,<br>lo primero que encontrar\u00e1 ser\u00e1 la ermita de Nuestra Se\u00f1ora de Bel\u00e9n,<br>construcci\u00f3n que anta\u00f1o fuera el Hospital de los Caballeros.<\/p>\n\n\n\n<p>Esta poblaci\u00f3n de origen romano, a la que el rey Alfonso I &#8220;El Batallador&#8221; repobl\u00f3 y otorg\u00f3 fueros en el a\u00f1o 1116, conserva la t\u00edpica construcci\u00f3n y connotaciones propias de las localidades nacidas al amparo de un Castillo.<br>Las ruinas del mismo, todav\u00eda son perceptibles, y es que Belorado fue cu\u00f1a defensiva de los l\u00edmites de Castilla.<\/p>\n\n\n\n<figure class=\"wp-block-image\"><a href=\"https:\/\/clickturismo.es\/belorado\/\" target=\"_blank\" rel=\"noreferrer noopener\"><img src=\"https:\/\/clickturismo.es\/belorado\/belorado002013.jpg\" alt=\"belorado002013.jpg\" title=\"\"\/><\/a><\/figure>\n\n\n\n<p>Colindante con el arroyo Verdeancho, se encuentra la iglesia de Santa Mar\u00eda, del siglo XVI.<br>En el interior del templo renacentista,<br>hay una bella imagen de la Virgen que se remonta al siglo XIII.<br>Tambi\u00e9n conserva un hermoso retablo p\u00e9treo dedicado a la figura del Ap\u00f3stol, destacando unas interesantes tallas de Santiago, una en actitud de matamoros,<br>y otra, en h\u00e1bito peregrino que recuerdan que estamos en pleno Camino de Santiago. .<\/p>\n\n\n\n<hr class=\"wp-block-separator\"\/>\n\n\n\n<figure class=\"wp-block-image size-full\"><a href=\"https:\/\/turismoburgos.es\/tosantos\/\"><img loading=\"lazy\" width=\"800\" height=\"469\" src=\"http:\/\/turismoburgos.digital\/wp-content\/uploads\/2022\/04\/183456_1.jpg\" alt=\"\" class=\"wp-image-1610\" srcset=\"https:\/\/turismoburgos.digital\/wp-content\/uploads\/2022\/04\/183456_1.jpg 800w, https:\/\/turismoburgos.digital\/wp-content\/uploads\/2022\/04\/183456_1-300x176.jpg 300w, https:\/\/turismoburgos.digital\/wp-content\/uploads\/2022\/04\/183456_1-768x450.jpg 768w, https:\/\/turismoburgos.digital\/wp-content\/uploads\/2022\/04\/183456_1-496x291.jpg 496w, https:\/\/turismoburgos.digital\/wp-content\/uploads\/2022\/04\/183456_1-512x300.jpg 512w\" sizes=\"(max-width: 800px) 100vw, 800px\" \/><\/a><figcaption>TOSANTOS<\/figcaption><\/figure>\n\n\n\n<p>&#8220;Todos los Santos&#8221; es la toponimia de esta localidad.<\/p>\n\n\n\n<p>Una espectacular ermita excavada en la roca, confiere un aspecto singular a esta poblaci\u00f3n. Como no pod\u00eda ser de otra manera, permanece bajo la advocaci\u00f3n de la Virgen de la Pe\u00f1a.<\/p>\n\n\n\n<hr class=\"wp-block-separator\"\/>\n\n\n\n<figure class=\"wp-block-image size-full\"><a href=\"https:\/\/turismoburgos.es\/villambistia\/\"><img loading=\"lazy\" width=\"900\" height=\"505\" src=\"http:\/\/turismoburgos.digital\/wp-content\/uploads\/2022\/04\/Villambistia_Burgos_Camino_Frances_fuente.jpg\" alt=\"\" class=\"wp-image-1611\" srcset=\"https:\/\/turismoburgos.digital\/wp-content\/uploads\/2022\/04\/Villambistia_Burgos_Camino_Frances_fuente.jpg 900w, https:\/\/turismoburgos.digital\/wp-content\/uploads\/2022\/04\/Villambistia_Burgos_Camino_Frances_fuente-300x168.jpg 300w, https:\/\/turismoburgos.digital\/wp-content\/uploads\/2022\/04\/Villambistia_Burgos_Camino_Frances_fuente-768x431.jpg 768w, https:\/\/turismoburgos.digital\/wp-content\/uploads\/2022\/04\/Villambistia_Burgos_Camino_Frances_fuente-496x278.jpg 496w, https:\/\/turismoburgos.digital\/wp-content\/uploads\/2022\/04\/Villambistia_Burgos_Camino_Frances_fuente-800x449.jpg 800w, https:\/\/turismoburgos.digital\/wp-content\/uploads\/2022\/04\/Villambistia_Burgos_Camino_Frances_fuente-512x287.jpg 512w\" sizes=\"(max-width: 900px) 100vw, 900px\" \/><\/a><figcaption>VILLAMBISTI\u00c1<\/figcaption><\/figure>\n\n\n\n<p>Una peque\u00f1a pendiente lo introducir\u00e1 en el caser\u00edo local.<br>Su cementerio y su templo parroquial son construcciones que adquieren prioridad sobre el resto.<\/p>\n\n\n\n<p>Habitado por 45 personas y en la zona oriental de la provincia, se encuentra Villambistia, en la comarca de montes de Oca. Su demograf\u00eda ha sufrido un importante descenso desde finales del siglo XX.<\/p>\n\n\n\n<hr class=\"wp-block-separator\"\/>\n\n\n\n<figure class=\"wp-block-image size-full\"><a href=\"https:\/\/clickturismo.es\/espinosadelcamino\/\"><img loading=\"lazy\" width=\"623\" height=\"468\" src=\"http:\/\/turismoburgos.digital\/wp-content\/uploads\/2022\/04\/espinosadelcamino001030.jpg\" alt=\"\" class=\"wp-image-1613\" srcset=\"https:\/\/turismoburgos.digital\/wp-content\/uploads\/2022\/04\/espinosadelcamino001030.jpg 623w, https:\/\/turismoburgos.digital\/wp-content\/uploads\/2022\/04\/espinosadelcamino001030-300x225.jpg 300w, https:\/\/turismoburgos.digital\/wp-content\/uploads\/2022\/04\/espinosadelcamino001030-496x373.jpg 496w, https:\/\/turismoburgos.digital\/wp-content\/uploads\/2022\/04\/espinosadelcamino001030-512x385.jpg 512w\" sizes=\"(max-width: 623px) 100vw, 623px\" \/><\/a><figcaption>ESPINOSA del CAMINO<\/figcaption><\/figure>\n\n\n\n<p>Posiblemente sea una de las localidades m\u00e1s olvidadas de la zona, y sin embargo es uno de los mayores exponentes de la arquitectura popular, con casas enfoscadas y estructuras de madera, al m\u00e1s puro estilo rural de la zona.<\/p>\n\n\n\n<p>El monumento m\u00e1s importante es la iglesia parroquial de la Asunci\u00f3n, de estilo renacentista en cuya fachada se puede observar una talla rom\u00e1nica de San Indalecio, disc\u00edpulo de Santiago Ap\u00f3stol a quien acompa\u00f1\u00f3 en su evangelizaci\u00f3n hispana junto con los otros seis varones apost\u00f3licos, seg\u00fan la leyenda.<\/p>\n\n\n\n<hr class=\"wp-block-separator\"\/>\n\n\n\n<figure class=\"wp-block-image size-full\"><a href=\"https:\/\/turismoburgos.es\/villafrancamontesdeoca\/\"><img loading=\"lazy\" width=\"900\" height=\"505\" src=\"http:\/\/turismoburgos.digital\/wp-content\/uploads\/2022\/04\/Villafranca_Montes_de_Oca_Burgos_Camino_Frances.jpg\" alt=\"\" class=\"wp-image-1614\" srcset=\"https:\/\/turismoburgos.digital\/wp-content\/uploads\/2022\/04\/Villafranca_Montes_de_Oca_Burgos_Camino_Frances.jpg 900w, https:\/\/turismoburgos.digital\/wp-content\/uploads\/2022\/04\/Villafranca_Montes_de_Oca_Burgos_Camino_Frances-300x168.jpg 300w, https:\/\/turismoburgos.digital\/wp-content\/uploads\/2022\/04\/Villafranca_Montes_de_Oca_Burgos_Camino_Frances-768x431.jpg 768w, https:\/\/turismoburgos.digital\/wp-content\/uploads\/2022\/04\/Villafranca_Montes_de_Oca_Burgos_Camino_Frances-496x278.jpg 496w, https:\/\/turismoburgos.digital\/wp-content\/uploads\/2022\/04\/Villafranca_Montes_de_Oca_Burgos_Camino_Frances-800x449.jpg 800w, https:\/\/turismoburgos.digital\/wp-content\/uploads\/2022\/04\/Villafranca_Montes_de_Oca_Burgos_Camino_Frances-512x287.jpg 512w\" sizes=\"(max-width: 900px) 100vw, 900px\" \/><\/a><figcaption>VILLAFRANCA MONTES de OCA<\/figcaption><\/figure>\n\n\n\n<p>La subida del Camino, lame la fachada y entrada del antiguo Real Hospital de San Antonio Abad, que pese al dicho de &#8220;&#8230; Villafranca Montes de Oca, alta de camas y pobre de ropa&#8230;&#8221;, fue un exponente de la atenci\u00f3n que en otras \u00e9pocas el Hospital prest\u00f3 al peregrino. Estas instalaciones, tambi\u00e9n se conocieron con el nombre de Hospital de la Reina, en recuerdo de la reina Do\u00f1a Juana Manuel, esposa de Enrique II, que lo fund\u00f3 en 1380. Recordar que en pleno siglo XVII todav\u00eda contaba con 36 camas. K\u00fcnig lo elogiaba: &#8220;&#8230;Acu\u00e9rdate all\u00ed del Hospital de la Reina, en la que dan los hermanos una buena raci\u00f3n&#8230;&#8221;.<\/p>\n\n\n\n<hr class=\"wp-block-separator\"\/>\n\n\n\n<figure class=\"wp-block-image size-full\"><a href=\"https:\/\/turismoburgos.es\/sanjuandeortega\/\"><img loading=\"lazy\" width=\"900\" height=\"505\" src=\"http:\/\/turismoburgos.digital\/wp-content\/uploads\/2022\/04\/San_Juan_de_Ortega_Monasterio_Burgos_Camino_Frances.jpg\" alt=\"\" class=\"wp-image-1615\" srcset=\"https:\/\/turismoburgos.digital\/wp-content\/uploads\/2022\/04\/San_Juan_de_Ortega_Monasterio_Burgos_Camino_Frances.jpg 900w, https:\/\/turismoburgos.digital\/wp-content\/uploads\/2022\/04\/San_Juan_de_Ortega_Monasterio_Burgos_Camino_Frances-300x168.jpg 300w, https:\/\/turismoburgos.digital\/wp-content\/uploads\/2022\/04\/San_Juan_de_Ortega_Monasterio_Burgos_Camino_Frances-768x431.jpg 768w, https:\/\/turismoburgos.digital\/wp-content\/uploads\/2022\/04\/San_Juan_de_Ortega_Monasterio_Burgos_Camino_Frances-496x278.jpg 496w, https:\/\/turismoburgos.digital\/wp-content\/uploads\/2022\/04\/San_Juan_de_Ortega_Monasterio_Burgos_Camino_Frances-800x449.jpg 800w, https:\/\/turismoburgos.digital\/wp-content\/uploads\/2022\/04\/San_Juan_de_Ortega_Monasterio_Burgos_Camino_Frances-512x287.jpg 512w\" sizes=\"(max-width: 900px) 100vw, 900px\" \/><\/a><figcaption>SAN JUAN de ORTEGA<\/figcaption><\/figure>\n\n\n\n<p>En medio de un modesto caser\u00edo, se alza majestuoso el Monasterio dedicado al Santo de Quintaortu\u00f1o, gran benefactor y constructor de puentes, caminos y hospitales.<br>\u00a0\u00a0\u00a0\u00a0\u00a0Muchos avatares, numerosas vicisitudes, a\u00f1os de abandono y soledad, han dado paso a una ansiada restauraci\u00f3n. Hoy San Juan de Ortega se est\u00e1 recuperando de tanto olvido.<\/p>\n\n\n\n<hr class=\"wp-block-separator\"\/>\n<\/div>\n\n\n\n<div class=\"wp-block-column\"><\/div>\n<\/div>\n\n\n\n<div class=\"wp-block-columns\">\n<div class=\"wp-block-column\"><\/div>\n\n\n\n<div class=\"wp-block-column\">\n<figure class=\"wp-block-image size-full\"><a href=\"https:\/\/clickturismo.es\/ages\/\"><img loading=\"lazy\" width=\"800\" height=\"533\" src=\"http:\/\/turismoburgos.digital\/wp-content\/uploads\/2022\/04\/CF-ET11-Belorado-Ages-14.jpg\" alt=\"\" class=\"wp-image-1616\" srcset=\"https:\/\/turismoburgos.digital\/wp-content\/uploads\/2022\/04\/CF-ET11-Belorado-Ages-14.jpg 800w, https:\/\/turismoburgos.digital\/wp-content\/uploads\/2022\/04\/CF-ET11-Belorado-Ages-14-300x200.jpg 300w, https:\/\/turismoburgos.digital\/wp-content\/uploads\/2022\/04\/CF-ET11-Belorado-Ages-14-768x512.jpg 768w, https:\/\/turismoburgos.digital\/wp-content\/uploads\/2022\/04\/CF-ET11-Belorado-Ages-14-496x330.jpg 496w, https:\/\/turismoburgos.digital\/wp-content\/uploads\/2022\/04\/CF-ET11-Belorado-Ages-14-512x341.jpg 512w\" sizes=\"(max-width: 800px) 100vw, 800px\" \/><\/a><figcaption>AG\u00c9S<\/figcaption><\/figure>\n\n\n\n<p>Ag\u00e9s mantiene todav\u00eda el encanto de los antiguos pueblos jacobeos, con edificios de entramados de madera y enfoscados con la t\u00edpica argamasa como exponente de la arquitectura tradicional. Una gran fuente le reconfortar\u00e1 en \u00e9pocas de calor.<\/p>\n\n\n\n<hr class=\"wp-block-separator\"\/>\n<\/div>\n\n\n\n<div class=\"wp-block-column\">\n<figure class=\"wp-block-image size-full\"><a href=\"https:\/\/turismoburgos.es\/santoveniadeoca\/\"><img loading=\"lazy\" width=\"675\" height=\"436\" src=\"http:\/\/turismoburgos.digital\/wp-content\/uploads\/2022\/04\/santovenia-de-oca-burgos-3611-2.jpg\" alt=\"\" class=\"wp-image-1617\" srcset=\"https:\/\/turismoburgos.digital\/wp-content\/uploads\/2022\/04\/santovenia-de-oca-burgos-3611-2.jpg 675w, https:\/\/turismoburgos.digital\/wp-content\/uploads\/2022\/04\/santovenia-de-oca-burgos-3611-2-300x194.jpg 300w, https:\/\/turismoburgos.digital\/wp-content\/uploads\/2022\/04\/santovenia-de-oca-burgos-3611-2-496x320.jpg 496w, https:\/\/turismoburgos.digital\/wp-content\/uploads\/2022\/04\/santovenia-de-oca-burgos-3611-2-512x331.jpg 512w\" sizes=\"(max-width: 675px) 100vw, 675px\" \/><\/a><figcaption>SANTOVENIA de OCA<\/figcaption><\/figure>\n\n\n\n<p>Santovenia de Oca es una de las villas que conforman la Hermandad de Montes de Oca.<br>\u00a0\u00a0\u00a0\u00a0\u00a0\u00a0\u00a0\u00a0\u00a0\u00a0\u00a0\u00a0\u00a0Su t\u00e9rmino jurisdiccional ocupa 8,3 km2. Tambi\u00e9n ha estado incluida en diferentes etapas de su Historia en el antiguo partido de Juarros.<br>\u00a0\u00a0\u00a0\u00a0\u00a0\u00a0\u00a0\u00a0\u00a0\u00a0\u00a0\u00a0\u00a0La patrona de la localidad es Santa Eugenia.<\/p>\n\n\n\n<hr class=\"wp-block-separator\"\/>\n<\/div>\n<\/div>\n\n\n\n<div class=\"wp-block-columns\">\n<div class=\"wp-block-column\"><\/div>\n\n\n\n<div class=\"wp-block-column\">\n<figure class=\"wp-block-image size-full\"><a href=\"https:\/\/clickturismo.es\/atapuerca\/\"><img loading=\"lazy\" width=\"900\" height=\"505\" src=\"http:\/\/turismoburgos.digital\/wp-content\/uploads\/2022\/04\/Atapuerca_Burgos_Camino_Frances-1.jpg\" alt=\"\" class=\"wp-image-1620\" srcset=\"https:\/\/turismoburgos.digital\/wp-content\/uploads\/2022\/04\/Atapuerca_Burgos_Camino_Frances-1.jpg 900w, https:\/\/turismoburgos.digital\/wp-content\/uploads\/2022\/04\/Atapuerca_Burgos_Camino_Frances-1-300x168.jpg 300w, https:\/\/turismoburgos.digital\/wp-content\/uploads\/2022\/04\/Atapuerca_Burgos_Camino_Frances-1-768x431.jpg 768w, https:\/\/turismoburgos.digital\/wp-content\/uploads\/2022\/04\/Atapuerca_Burgos_Camino_Frances-1-496x278.jpg 496w, https:\/\/turismoburgos.digital\/wp-content\/uploads\/2022\/04\/Atapuerca_Burgos_Camino_Frances-1-800x449.jpg 800w, https:\/\/turismoburgos.digital\/wp-content\/uploads\/2022\/04\/Atapuerca_Burgos_Camino_Frances-1-512x287.jpg 512w\" sizes=\"(max-width: 900px) 100vw, 900px\" \/><\/a><figcaption>ATAPUERCA<\/figcaption><\/figure>\n\n\n\n<p>Esta localidad, que se alza sobre una zona pantanosa, fue escenario de una conocida batalla entre el rey de Castilla-Le\u00f3n y el de Navarra.<\/p>\n\n\n\n<p>Sobre todo el caser\u00edo, destaca en un alto su templo parroquial dedicado a San Mart\u00edn, una de las advocaciones m\u00e1s propias de las iglesias del Camino de Santiago.<\/p>\n\n\n\n<p>Para quien se pueda permitir m\u00e1s tiempo que el dedicado estrictamente al Camino y a la peregrinaci\u00f3n, tiene la posibilidad de visitar las cuevas, conocer mediante un aula de interpretaci\u00f3n los yacimientos, costumbres y vicisitudes de los antiguos moradores de la sierra; para ello tambi\u00e9n pueden visitar un parque tem\u00e1tico dedicado a estos menesteres.<\/p>\n\n\n\n<hr class=\"wp-block-separator\"\/>\n<\/div>\n\n\n\n<div class=\"wp-block-column\">\n<figure class=\"wp-block-image size-full\"><a href=\"https:\/\/turismoburgos.es\/zalduendo\/\"><img loading=\"lazy\" width=\"480\" height=\"320\" src=\"http:\/\/turismoburgos.digital\/wp-content\/uploads\/2022\/04\/Zalduendo06_0.jpg\" alt=\"\" class=\"wp-image-1621\" srcset=\"https:\/\/turismoburgos.digital\/wp-content\/uploads\/2022\/04\/Zalduendo06_0.jpg 480w, https:\/\/turismoburgos.digital\/wp-content\/uploads\/2022\/04\/Zalduendo06_0-300x200.jpg 300w\" sizes=\"(max-width: 480px) 100vw, 480px\" \/><\/a><figcaption>ZALDUENDO<\/figcaption><\/figure>\n\n\n\n<p>Ya en la Edad Moderna se integra de una manera m\u00e1s clara en el \u00e1rea de influencia de Burgos, detentando el se\u00f1or\u00edo de la villa la abadesa de las Huelgas Reales.<br>\u00a0\u00a0\u00a0\u00a0\u00a0\u00a0\u00a0\u00a0\u00a0\u00a0Con referencia al Camino de Santiago, parece que hubo un camino que desde San Juan de Ortega se dirig\u00eda a Santovenia de Oca trayendo a los peregrinos hasta esta localidad, y desde \u00e9sta a Ibeas de Juarros.<\/p>\n\n\n\n<hr class=\"wp-block-separator\"\/>\n<\/div>\n<\/div>\n\n\n\n<div class=\"wp-block-columns\">\n<div class=\"wp-block-column\">\n<figure class=\"wp-block-image size-full\"><a href=\"https:\/\/turismoburgos.es\/olmosdeatapuerca\/\"><img loading=\"lazy\" width=\"736\" height=\"490\" src=\"http:\/\/turismoburgos.digital\/wp-content\/uploads\/2022\/04\/1e169371ce776345b722239cb14b44d7-santiago.jpg\" alt=\"\" class=\"wp-image-1622\" srcset=\"https:\/\/turismoburgos.digital\/wp-content\/uploads\/2022\/04\/1e169371ce776345b722239cb14b44d7-santiago.jpg 736w, https:\/\/turismoburgos.digital\/wp-content\/uploads\/2022\/04\/1e169371ce776345b722239cb14b44d7-santiago-300x200.jpg 300w, https:\/\/turismoburgos.digital\/wp-content\/uploads\/2022\/04\/1e169371ce776345b722239cb14b44d7-santiago-496x330.jpg 496w, https:\/\/turismoburgos.digital\/wp-content\/uploads\/2022\/04\/1e169371ce776345b722239cb14b44d7-santiago-512x341.jpg 512w\" sizes=\"(max-width: 736px) 100vw, 736px\" \/><\/a><figcaption>OLMOS de ATAPUERCA<\/figcaption><\/figure>\n\n\n\n<p>Paso obligado del Camino de Santiago, cuenta con un albergue Municipal de peregrinos.<br>En la actualidad cuenta con una poblaci\u00f3n muy escasa, 50 habitantes, pero el 15 de Marzo de 2013 se ha dado un impulso tur\u00edstico muy importante al pueblo con la inauguraci\u00f3n de un antiguo complejo minero, &#8220;Mina Esperanza&#8221;, sin duda una visita obligada.<\/p>\n\n\n\n<hr class=\"wp-block-separator\"\/>\n<\/div>\n\n\n\n<div class=\"wp-block-column\">\n<figure class=\"wp-block-image size-full\"><a href=\"https:\/\/clickturismo.es\/cardenuelariopico\/\"><img loading=\"lazy\" width=\"900\" height=\"505\" src=\"http:\/\/turismoburgos.digital\/wp-content\/uploads\/2022\/04\/Cardenuela_Riopico_Burgos_Camino_Frances_iglesia_Santa_Eulalia.jpg\" alt=\"\" class=\"wp-image-1625\" srcset=\"https:\/\/turismoburgos.digital\/wp-content\/uploads\/2022\/04\/Cardenuela_Riopico_Burgos_Camino_Frances_iglesia_Santa_Eulalia.jpg 900w, https:\/\/turismoburgos.digital\/wp-content\/uploads\/2022\/04\/Cardenuela_Riopico_Burgos_Camino_Frances_iglesia_Santa_Eulalia-300x168.jpg 300w, https:\/\/turismoburgos.digital\/wp-content\/uploads\/2022\/04\/Cardenuela_Riopico_Burgos_Camino_Frances_iglesia_Santa_Eulalia-768x431.jpg 768w, https:\/\/turismoburgos.digital\/wp-content\/uploads\/2022\/04\/Cardenuela_Riopico_Burgos_Camino_Frances_iglesia_Santa_Eulalia-496x278.jpg 496w, https:\/\/turismoburgos.digital\/wp-content\/uploads\/2022\/04\/Cardenuela_Riopico_Burgos_Camino_Frances_iglesia_Santa_Eulalia-800x449.jpg 800w, https:\/\/turismoburgos.digital\/wp-content\/uploads\/2022\/04\/Cardenuela_Riopico_Burgos_Camino_Frances_iglesia_Santa_Eulalia-512x287.jpg 512w\" sizes=\"(max-width: 900px) 100vw, 900px\" \/><\/a><figcaption>CARDE\u00d1UELA RIO PICO<\/figcaption><\/figure>\n\n\n\n<p>Paso obligado del Camino de Santiago, cuenta con un albergue Municipal de peregrinos.<br>En la actualidad cuenta con una poblaci\u00f3n muy escasa, 50 habitantes, pero el 15 de Marzo de 2013 se ha dado un impulso tur\u00edstico muy importante al pueblo con la inauguraci\u00f3n de un antiguo complejo minero, &#8220;Mina Esperanza&#8221;, sin duda una visita obligada.<\/p>\n\n\n\n<hr class=\"wp-block-separator\"\/>\n<\/div>\n\n\n\n<div class=\"wp-block-column\">\n<figure class=\"wp-block-image size-full\"><a href=\"https:\/\/turismoburgos.es\/ibeasdejuarros\/\"><img loading=\"lazy\" width=\"744\" height=\"558\" src=\"http:\/\/turismoburgos.digital\/wp-content\/uploads\/2022\/04\/2021092613435373234.jpg\" alt=\"\" class=\"wp-image-1626\" srcset=\"https:\/\/turismoburgos.digital\/wp-content\/uploads\/2022\/04\/2021092613435373234.jpg 744w, https:\/\/turismoburgos.digital\/wp-content\/uploads\/2022\/04\/2021092613435373234-300x225.jpg 300w, https:\/\/turismoburgos.digital\/wp-content\/uploads\/2022\/04\/2021092613435373234-496x372.jpg 496w, https:\/\/turismoburgos.digital\/wp-content\/uploads\/2022\/04\/2021092613435373234-512x384.jpg 512w\" sizes=\"(max-width: 744px) 100vw, 744px\" \/><\/a><figcaption>IBEAS de JUARROS<\/figcaption><\/figure>\n\n\n\n<p>La localidad cuenta con un interesante Patrimonio Hist\u00f3rico que permite a sus visitantes, poder ver bienes culturales tan importantes a nivel mundial como los Yacimientos de la Sierra de Atapuerca, declarados Patrimonio de la Humanidad por la Unesco.<\/p>\n\n\n\n<p>La iglesia de San Mart\u00edn, vinculada al Camino de Santiago, es un templo de trazos tardog\u00f3ticos de finales del siglo XV.<\/p>\n\n\n\n<p>Como lugar de inter\u00e9s cabe destacar la Cruz de Canto, identificada como un elemento escult\u00f3rico que pon\u00eda l\u00edmite entre el antiguo Reino de Navarra y el Reino de Castilla.<\/p>\n\n\n\n<p>En la parte sur de la localidad, cruzando el r\u00edo se encuentra el Mirador, ideal para contemplar las vistas del propio municipio y de la Sierra de Atapuerca.<\/p>\n\n\n\n<p>Despu\u00e9s de las visitas culturales es un buen momento para disfrutar de la gastronom\u00eda de Ibeas, degustar su famoso plato t\u00edpico, las \u201calubias de Ibeas\u201d, imprescindible parada obligatoria para deleitarse con la leguminosa en cuesti\u00f3n.<\/p>\n\n\n\n<p>El municipio y alrededores ofrecen realizar diversas rutas tur\u00edsticas, como la ruta del Ferrocarril, el Sendero Minero, la ruta de los Manantiales y el sendero de gran recorrido GR-82, sin olvidarnos del Camino de Santiago que atraviesa la localidad.<\/p>\n\n\n\n<hr class=\"wp-block-separator\"\/>\n<\/div>\n<\/div>\n\n\n\n<div class=\"wp-block-columns\">\n<div class=\"wp-block-column\">\n<figure class=\"wp-block-image size-large\"><a href=\"https:\/\/turismoburgos.es\/rubena\/\"><img loading=\"lazy\" width=\"1024\" height=\"768\" src=\"http:\/\/turismoburgos.digital\/wp-content\/uploads\/2022\/04\/10687027Master-1024x768.jpg\" alt=\"\" class=\"wp-image-1627\" srcset=\"https:\/\/turismoburgos.digital\/wp-content\/uploads\/2022\/04\/10687027Master-1024x768.jpg 1024w, https:\/\/turismoburgos.digital\/wp-content\/uploads\/2022\/04\/10687027Master-300x225.jpg 300w, https:\/\/turismoburgos.digital\/wp-content\/uploads\/2022\/04\/10687027Master-768x576.jpg 768w, https:\/\/turismoburgos.digital\/wp-content\/uploads\/2022\/04\/10687027Master-1536x1152.jpg 1536w, https:\/\/turismoburgos.digital\/wp-content\/uploads\/2022\/04\/10687027Master-496x372.jpg 496w, https:\/\/turismoburgos.digital\/wp-content\/uploads\/2022\/04\/10687027Master-1240x930.jpg 1240w, https:\/\/turismoburgos.digital\/wp-content\/uploads\/2022\/04\/10687027Master-800x600.jpg 800w, https:\/\/turismoburgos.digital\/wp-content\/uploads\/2022\/04\/10687027Master-512x384.jpg 512w, https:\/\/turismoburgos.digital\/wp-content\/uploads\/2022\/04\/10687027Master.jpg 1600w\" sizes=\"(max-width: 1024px) 100vw, 1024px\" \/><\/a><figcaption>RUBENA<\/figcaption><\/figure>\n\n\n\n<p>En 1047 don Ramiro S\u00e1nchez, rey de Arag\u00f3n, aparece como due\u00f1o de Rubena y, en tal condici\u00f3n, dona la misma a la Abad\u00eda de San Salvador de O\u00f1a y a su abad, San \u00cd\u00f1igo. As\u00ed, por espacio de 800 a\u00f1os, la villa vivi\u00f3 bajo el pac\u00edfico y poco entrometido gobierno de la c\u00e9lebre abad\u00eda que, una vez m\u00e1s, cumpli\u00f3 su hermosa misi\u00f3n de cultura, tal y como podemos apreciar en la art\u00edstica iglesia del siglo XVI, rematada por una graciosa espada\u00f1a que alegra el horizonte del pueblo.<\/p>\n\n\n\n<hr class=\"wp-block-separator\"\/>\n<\/div>\n\n\n\n<div class=\"wp-block-column\">\n<figure class=\"wp-block-image size-full\"><a href=\"https:\/\/turismoburgos.es\/villafria\/\"><img loading=\"lazy\" width=\"1024\" height=\"768\" src=\"http:\/\/turismoburgos.digital\/wp-content\/uploads\/2022\/04\/14443301.jpg\" alt=\"\" class=\"wp-image-1628\" srcset=\"https:\/\/turismoburgos.digital\/wp-content\/uploads\/2022\/04\/14443301.jpg 1024w, https:\/\/turismoburgos.digital\/wp-content\/uploads\/2022\/04\/14443301-300x225.jpg 300w, https:\/\/turismoburgos.digital\/wp-content\/uploads\/2022\/04\/14443301-768x576.jpg 768w, https:\/\/turismoburgos.digital\/wp-content\/uploads\/2022\/04\/14443301-496x372.jpg 496w, https:\/\/turismoburgos.digital\/wp-content\/uploads\/2022\/04\/14443301-800x600.jpg 800w, https:\/\/turismoburgos.digital\/wp-content\/uploads\/2022\/04\/14443301-512x384.jpg 512w\" sizes=\"(max-width: 1024px) 100vw, 1024px\" \/><\/a><figcaption>VILLAFR\u00cdA<\/figcaption><\/figure>\n\n\n\n<p>Lugar que formaba parte, del Alfoz y Jurisdicci\u00f3n de Burgos en el partido de Burgos, uno de de los catorce que formaban la Intendencia de Burgos durante el periodo comprendido entre 1785 y 1833, tal como se recoge en el Censo de Floridablanca de 1787. Ten\u00eda jurisdicci\u00f3n de abadengo dependiente del Monasterio de San Pedro de Carde\u00f1a cuyo abad nombraba el alcalde ped\u00e1neo.<\/p>\n\n\n\n<hr class=\"wp-block-separator\"\/>\n<\/div>\n\n\n\n<div class=\"wp-block-column\">\n<figure class=\"wp-block-image size-full\"><a href=\"https:\/\/turismoburgos.es\/sanmedel\/\"><img loading=\"lazy\" width=\"480\" height=\"320\" src=\"http:\/\/turismoburgos.digital\/wp-content\/uploads\/2022\/04\/San_medel04_0.jpg\" alt=\"\" class=\"wp-image-1629\" srcset=\"https:\/\/turismoburgos.digital\/wp-content\/uploads\/2022\/04\/San_medel04_0.jpg 480w, https:\/\/turismoburgos.digital\/wp-content\/uploads\/2022\/04\/San_medel04_0-300x200.jpg 300w\" sizes=\"(max-width: 480px) 100vw, 480px\" \/><\/a><figcaption>SAN MEDEL<\/figcaption><\/figure>\n\n\n\n<p>La senda paralela a la carretera no penetra en el pueblo, pero no por ello debemos olvidar que San Medel es Camino de Santiago.<\/p>\n\n\n\n<p>Sobre el pueblo tambi\u00e9n destaca su iglesia parroquial, y entre las tallas de relevancia, el peregrino que lo desee podr\u00e1 admirar una bella imagen de Nuestra Se\u00f1ora de las Vi\u00f1as.<\/p>\n\n\n\n<hr class=\"wp-block-separator\"\/>\n<\/div>\n<\/div>\n\n\n\n<div class=\"wp-block-columns\">\n<div class=\"wp-block-column\">\n<figure class=\"wp-block-image size-full\"><a href=\"https:\/\/turismoburgos.es\/villafria\/\"><img loading=\"lazy\" width=\"295\" height=\"241\" src=\"http:\/\/turismoburgos.digital\/wp-content\/uploads\/2022\/04\/3011Iglesia-de-Villafria.jpg\" alt=\"\" class=\"wp-image-1630\"\/><\/a><figcaption>VILLAFR\u00cdA<\/figcaption><\/figure>\n\n\n\n<p>Pocas cosas podemos decir de esta localidad salvo que suele ser el lugar que eligen algunos peregrinos para tomar el autob\u00fas urbano, y as\u00ed ahorrarse los kil\u00f3metros correspondientes de asfalto hasta llegar al centro de la ciudad.<\/p>\n\n\n\n<hr class=\"wp-block-separator\"\/>\n<\/div>\n\n\n\n<div class=\"wp-block-column\"><\/div>\n\n\n\n<div class=\"wp-block-column\">\n<figure class=\"wp-block-image size-full\"><a href=\"https:\/\/clickturismo.es\/castanares\/\"><img loading=\"lazy\" width=\"972\" height=\"500\" src=\"http:\/\/turismoburgos.digital\/wp-content\/uploads\/2022\/04\/89284_1.jpg\" alt=\"\" class=\"wp-image-1631\" srcset=\"https:\/\/turismoburgos.digital\/wp-content\/uploads\/2022\/04\/89284_1.jpg 972w, https:\/\/turismoburgos.digital\/wp-content\/uploads\/2022\/04\/89284_1-300x154.jpg 300w, https:\/\/turismoburgos.digital\/wp-content\/uploads\/2022\/04\/89284_1-768x395.jpg 768w, https:\/\/turismoburgos.digital\/wp-content\/uploads\/2022\/04\/89284_1-496x255.jpg 496w, https:\/\/turismoburgos.digital\/wp-content\/uploads\/2022\/04\/89284_1-800x412.jpg 800w, https:\/\/turismoburgos.digital\/wp-content\/uploads\/2022\/04\/89284_1-512x263.jpg 512w\" sizes=\"(max-width: 972px) 100vw, 972px\" \/><\/a><figcaption>CASTA\u00d1ARES<\/figcaption><\/figure>\n\n\n\n<p>En el Censo de Floridablanca de 1787 aparece nombrada como Villa perteneciente al partido de Burgos, que su vez formaba la Intendencia con otros catorce partidos durante el periodo comprendido entre 1785 y 1833. Su jurisdicci\u00f3n era de se\u00f1or\u00edo ejercida por el conde de Villariezo.<\/p>\n\n\n\n<hr class=\"wp-block-separator\"\/>\n<\/div>\n<\/div>\n\n\n\n<figure class=\"wp-block-image size-large is-resized\"><a href=\"http:\/\/turismoburgos.digital\/index.php\/burgos-2\/\"><img loading=\"lazy\" src=\"http:\/\/turismoburgos.digital\/wp-content\/uploads\/2022\/04\/0aa3c701ca915404cd48e429e31dee86-1024x896.jpg\" alt=\"\" class=\"wp-image-1632\" width=\"1243\" height=\"1087\" srcset=\"https:\/\/turismoburgos.digital\/wp-content\/uploads\/2022\/04\/0aa3c701ca915404cd48e429e31dee86-1024x896.jpg 1024w, https:\/\/turismoburgos.digital\/wp-content\/uploads\/2022\/04\/0aa3c701ca915404cd48e429e31dee86-300x263.jpg 300w, https:\/\/turismoburgos.digital\/wp-content\/uploads\/2022\/04\/0aa3c701ca915404cd48e429e31dee86-768x672.jpg 768w, https:\/\/turismoburgos.digital\/wp-content\/uploads\/2022\/04\/0aa3c701ca915404cd48e429e31dee86-496x434.jpg 496w, https:\/\/turismoburgos.digital\/wp-content\/uploads\/2022\/04\/0aa3c701ca915404cd48e429e31dee86-800x700.jpg 800w, https:\/\/turismoburgos.digital\/wp-content\/uploads\/2022\/04\/0aa3c701ca915404cd48e429e31dee86-512x448.jpg 512w, https:\/\/turismoburgos.digital\/wp-content\/uploads\/2022\/04\/0aa3c701ca915404cd48e429e31dee86.jpg 1080w\" sizes=\"(max-width: 1243px) 100vw, 1243px\" \/><\/a><figcaption>BURGOS<\/figcaption><\/figure>\n\n\n\n<p>El Camino penetra en Burgos por dos ramales, a trav\u00e9s de los barrios de El Capiscol, donde a\u00fan quedan unos pocos vestigios del antiguo Hospital para peregrinos llamado primero de don Gonzalo Nicol\u00e1s o, m\u00e1s tarde, del Capiscol (Caput Scholae) de la Catedral; y de Gamonal, donde nos recibe se\u00f1era la iglesia g\u00f3tica de Santa Mar\u00eda la Real y Antigua. Contin\u00faa su discurrir urbano por ambos barrios hasta hacerse uno a la entrada del camino de las Calzadas, en busca del n\u00facleo hist\u00f3rico, al que accede por la plaza de San Juan; plaza importante en el conjunto urbano, a la que hermosean monumentos como la iglesia g\u00f3tica dedicada al monje franc\u00e9s patr\u00f3n de la ciudad, San Lesmes, el antiguo Monasterio de San Juan Bautista y la portada de la Casa de la Cultura, antigua puerta del hospital de peregrinos que exist\u00eda en el solar. El origen de este complejo hospitalario fue la capilla de San Juan Evangelista y su peque\u00f1o hospital anejo, fundados durante la segunda mitad del siglo XI, bajo la atenta protecci\u00f3n del rey Alfonso VI, uno de los monarcas castellanos que m\u00e1s impulso dio a las peregrinaciones.<\/p>\n\n\n\n<hr class=\"wp-block-separator\"\/>\n\n\n\n<div class=\"wp-block-columns\">\n<div class=\"wp-block-column\"><\/div>\n\n\n\n<div class=\"wp-block-column\">\n<figure class=\"wp-block-image size-full\"><a href=\"https:\/\/turismoburgos.es\/villalbilla\/\"><img loading=\"lazy\" width=\"637\" height=\"470\" src=\"http:\/\/turismoburgos.digital\/wp-content\/uploads\/2022\/04\/01552446.jpg\" alt=\"\" class=\"wp-image-1633\" srcset=\"https:\/\/turismoburgos.digital\/wp-content\/uploads\/2022\/04\/01552446.jpg 637w, https:\/\/turismoburgos.digital\/wp-content\/uploads\/2022\/04\/01552446-300x221.jpg 300w, https:\/\/turismoburgos.digital\/wp-content\/uploads\/2022\/04\/01552446-496x366.jpg 496w, https:\/\/turismoburgos.digital\/wp-content\/uploads\/2022\/04\/01552446-512x378.jpg 512w\" sizes=\"(max-width: 637px) 100vw, 637px\" \/><\/a><figcaption>VILLALBILLA<\/figcaption><\/figure>\n\n\n\n<p>Se trata de una peque\u00f1a poblaci\u00f3n que acoge con esmero a quien haya decidido atravesar Burgos sin detenerse en su albergue. Cinco kil\u00f3metros de esfuerzo desde la capital, habr\u00e1n servido para adentrarnos en esta acogedora poblaci\u00f3n.<\/p>\n\n\n\n<hr class=\"wp-block-separator\"\/>\n\n\n\n<figure class=\"wp-block-image size-full\"><a href=\"https:\/\/turismoburgos.es\/tardajos\/\"><img loading=\"lazy\" width=\"900\" height=\"505\" src=\"http:\/\/turismoburgos.digital\/wp-content\/uploads\/2022\/04\/Tardajos_Burgos_Camino_Frances_02.jpg\" alt=\"\" class=\"wp-image-1634\" srcset=\"https:\/\/turismoburgos.digital\/wp-content\/uploads\/2022\/04\/Tardajos_Burgos_Camino_Frances_02.jpg 900w, https:\/\/turismoburgos.digital\/wp-content\/uploads\/2022\/04\/Tardajos_Burgos_Camino_Frances_02-300x168.jpg 300w, https:\/\/turismoburgos.digital\/wp-content\/uploads\/2022\/04\/Tardajos_Burgos_Camino_Frances_02-768x431.jpg 768w, https:\/\/turismoburgos.digital\/wp-content\/uploads\/2022\/04\/Tardajos_Burgos_Camino_Frances_02-496x278.jpg 496w, https:\/\/turismoburgos.digital\/wp-content\/uploads\/2022\/04\/Tardajos_Burgos_Camino_Frances_02-800x449.jpg 800w, https:\/\/turismoburgos.digital\/wp-content\/uploads\/2022\/04\/Tardajos_Burgos_Camino_Frances_02-512x287.jpg 512w\" sizes=\"(max-width: 900px) 100vw, 900px\" \/><\/a><figcaption>TARDAJOS<\/figcaption><\/figure>\n\n\n\n<p>La lejana August\u00f3briga daba nombre a esta localidad. Un interesante castro domina la poblaci\u00f3n, restos que felizmente se han salvado a la hora de determinar el trazado de la nueva carretera, realizando un t\u00fanel que los preserve.<\/p>\n\n\n\n<hr class=\"wp-block-separator\"\/>\n\n\n\n<figure class=\"wp-block-image size-full\"><a href=\"https:\/\/turismoburgos.es\/rabedelascalzadas\/\"><img loading=\"lazy\" width=\"900\" height=\"505\" src=\"http:\/\/turismoburgos.digital\/wp-content\/uploads\/2022\/04\/Rabe_de_Las_Calzadas_Burgos_Camino_Frances.jpg\" alt=\"\" class=\"wp-image-1635\" srcset=\"https:\/\/turismoburgos.digital\/wp-content\/uploads\/2022\/04\/Rabe_de_Las_Calzadas_Burgos_Camino_Frances.jpg 900w, https:\/\/turismoburgos.digital\/wp-content\/uploads\/2022\/04\/Rabe_de_Las_Calzadas_Burgos_Camino_Frances-300x168.jpg 300w, https:\/\/turismoburgos.digital\/wp-content\/uploads\/2022\/04\/Rabe_de_Las_Calzadas_Burgos_Camino_Frances-768x431.jpg 768w, https:\/\/turismoburgos.digital\/wp-content\/uploads\/2022\/04\/Rabe_de_Las_Calzadas_Burgos_Camino_Frances-496x278.jpg 496w, https:\/\/turismoburgos.digital\/wp-content\/uploads\/2022\/04\/Rabe_de_Las_Calzadas_Burgos_Camino_Frances-800x449.jpg 800w, https:\/\/turismoburgos.digital\/wp-content\/uploads\/2022\/04\/Rabe_de_Las_Calzadas_Burgos_Camino_Frances-512x287.jpg 512w\" sizes=\"(max-width: 900px) 100vw, 900px\" \/><\/a><figcaption>RAB\u00c9 de las CALZADAS<\/figcaption><\/figure>\n\n\n\n<p>Su toponimia es clara; hace alusi\u00f3n al cruce de v\u00edas romanas. Se trata de una poblaci\u00f3n que conserva cierto aire medieval: Construcciones de piedra, casas blasonadas, recios tapiales, calles lineales&#8230; etc. .<\/p>\n\n\n\n<hr class=\"wp-block-separator\"\/>\n\n\n\n<figure class=\"wp-block-image size-full\"><a href=\"https:\/\/turismoburgos.es\/hornillosdelcamino\/\"><img loading=\"lazy\" width=\"900\" height=\"505\" src=\"http:\/\/turismoburgos.digital\/wp-content\/uploads\/2022\/04\/Hornillos_del_Camino_Burgos_Camino_Frances_plaza.jpg\" alt=\"\" class=\"wp-image-1636\" srcset=\"https:\/\/turismoburgos.digital\/wp-content\/uploads\/2022\/04\/Hornillos_del_Camino_Burgos_Camino_Frances_plaza.jpg 900w, https:\/\/turismoburgos.digital\/wp-content\/uploads\/2022\/04\/Hornillos_del_Camino_Burgos_Camino_Frances_plaza-300x168.jpg 300w, https:\/\/turismoburgos.digital\/wp-content\/uploads\/2022\/04\/Hornillos_del_Camino_Burgos_Camino_Frances_plaza-768x431.jpg 768w, https:\/\/turismoburgos.digital\/wp-content\/uploads\/2022\/04\/Hornillos_del_Camino_Burgos_Camino_Frances_plaza-496x278.jpg 496w, https:\/\/turismoburgos.digital\/wp-content\/uploads\/2022\/04\/Hornillos_del_Camino_Burgos_Camino_Frances_plaza-800x449.jpg 800w, https:\/\/turismoburgos.digital\/wp-content\/uploads\/2022\/04\/Hornillos_del_Camino_Burgos_Camino_Frances_plaza-512x287.jpg 512w\" sizes=\"(max-width: 900px) 100vw, 900px\" \/><\/a><figcaption>HORNILLOS del CAMINO<\/figcaption><\/figure>\n\n\n\n<p>Casi ocho kil\u00f3metros habremos avanzado desde Rab\u00e9 de las Calzadas hasta desembocar -tras pronunciada bajada- en Hornillos de Camino. Sin duda percibir\u00e1 que se trata de otra t\u00edpica poblaci\u00f3n con una calle-camino perfectamente alineada de este a oeste. Quiz\u00e1 el ejemplo m\u00e1s sintom\u00e1tico como poblaci\u00f3n jacobea sea la pasada existencia de un hospital para peregrinos que tambi\u00e9n fue utilizado como lazareto. Lo orden\u00f3 fundar en 1156 el rey Alfonso VII que lo cedi\u00f3, junto con la poblaci\u00f3n, a los monjes de San Dionisio de Par\u00eds. Posteriormente, se fund\u00f3 un monasterio benedictino dependiente del franc\u00e9s de Rocamadour.<\/p>\n\n\n\n<hr class=\"wp-block-separator\"\/>\n\n\n\n<figure class=\"wp-block-image size-full\"><a href=\"https:\/\/turismoburgos.es\/hontanas\/\"><img loading=\"lazy\" width=\"900\" height=\"505\" src=\"http:\/\/turismoburgos.digital\/wp-content\/uploads\/2022\/04\/Hontanas_Burgos_Camino_Frances_entrada.jpg\" alt=\"\" class=\"wp-image-1637\" srcset=\"https:\/\/turismoburgos.digital\/wp-content\/uploads\/2022\/04\/Hontanas_Burgos_Camino_Frances_entrada.jpg 900w, https:\/\/turismoburgos.digital\/wp-content\/uploads\/2022\/04\/Hontanas_Burgos_Camino_Frances_entrada-300x168.jpg 300w, https:\/\/turismoburgos.digital\/wp-content\/uploads\/2022\/04\/Hontanas_Burgos_Camino_Frances_entrada-768x431.jpg 768w, https:\/\/turismoburgos.digital\/wp-content\/uploads\/2022\/04\/Hontanas_Burgos_Camino_Frances_entrada-496x278.jpg 496w, https:\/\/turismoburgos.digital\/wp-content\/uploads\/2022\/04\/Hontanas_Burgos_Camino_Frances_entrada-800x449.jpg 800w, https:\/\/turismoburgos.digital\/wp-content\/uploads\/2022\/04\/Hontanas_Burgos_Camino_Frances_entrada-512x287.jpg 512w\" sizes=\"(max-width: 900px) 100vw, 900px\" \/><\/a><figcaption>HONTANAS<\/figcaption><\/figure>\n\n\n\n<p>Hontanas se percibe como una poblaci\u00f3n bien conservada. Entre sus edificios, destaca uno denominado &#8220;Hospital de los Franceses&#8221;, acepci\u00f3n local del centro hospitalario para peregrinos denominado de San Juan, que fue anteriormente un hospital para peregrinos y hoy felizmente recuperado como Albergue Municipal.<\/p>\n\n\n\n<hr class=\"wp-block-separator\"\/>\n\n\n\n<figure class=\"wp-block-image size-large\"><a href=\"https:\/\/clickturismo.es\/castrojerizmonumentos\/castrojerizmonumentos_004.htm\"><img loading=\"lazy\" width=\"1024\" height=\"768\" src=\"http:\/\/turismoburgos.digital\/wp-content\/uploads\/2022\/04\/ConventoSanAnton03-Castrojeriz2-1030x772-1-1024x768.jpg\" alt=\"\" class=\"wp-image-1638\" srcset=\"https:\/\/turismoburgos.digital\/wp-content\/uploads\/2022\/04\/ConventoSanAnton03-Castrojeriz2-1030x772-1-1024x768.jpg 1024w, https:\/\/turismoburgos.digital\/wp-content\/uploads\/2022\/04\/ConventoSanAnton03-Castrojeriz2-1030x772-1-300x225.jpg 300w, https:\/\/turismoburgos.digital\/wp-content\/uploads\/2022\/04\/ConventoSanAnton03-Castrojeriz2-1030x772-1-768x576.jpg 768w, https:\/\/turismoburgos.digital\/wp-content\/uploads\/2022\/04\/ConventoSanAnton03-Castrojeriz2-1030x772-1-496x372.jpg 496w, https:\/\/turismoburgos.digital\/wp-content\/uploads\/2022\/04\/ConventoSanAnton03-Castrojeriz2-1030x772-1-800x600.jpg 800w, https:\/\/turismoburgos.digital\/wp-content\/uploads\/2022\/04\/ConventoSanAnton03-Castrojeriz2-1030x772-1-512x384.jpg 512w, https:\/\/turismoburgos.digital\/wp-content\/uploads\/2022\/04\/ConventoSanAnton03-Castrojeriz2-1030x772-1.jpg 1030w\" sizes=\"(max-width: 1024px) 100vw, 1024px\" \/><\/a><figcaption>CONVENTO  de SAN ANT\u00d3N<\/figcaption><\/figure>\n\n\n\n<p><strong>El primer monumento que se encuentran los peregrinos que recorren el Camino de Santiago al entrar a la villa de Castrojeriz son las ruinas del Hospital general de San Ant\u00f3n o San Antonio Abad.<\/strong><br><strong>San Ant\u00f3n fue palacio y Huerta del rey Pedro I de Castilla y posteriormente fue acogido por la orden de los antonianos, la cual fue disuelta a finales del siglo XVIII. El problema de la Desamortizaci\u00f3n del siglo XIX consagr\u00f3 su ruina definitiva.<\/strong><\/p>\n\n\n\n<hr class=\"wp-block-separator\"\/>\n\n\n\n<figure class=\"wp-block-image size-full\"><a href=\"https:\/\/clickturismo.es\/castrojeriz\/\"><img loading=\"lazy\" width=\"736\" height=\"552\" src=\"http:\/\/turismoburgos.digital\/wp-content\/uploads\/2022\/04\/2c337e8ff8ae0484aa8cb11c36d91bbc.jpg\" alt=\"\" class=\"wp-image-1639\" srcset=\"https:\/\/turismoburgos.digital\/wp-content\/uploads\/2022\/04\/2c337e8ff8ae0484aa8cb11c36d91bbc.jpg 736w, https:\/\/turismoburgos.digital\/wp-content\/uploads\/2022\/04\/2c337e8ff8ae0484aa8cb11c36d91bbc-300x225.jpg 300w, https:\/\/turismoburgos.digital\/wp-content\/uploads\/2022\/04\/2c337e8ff8ae0484aa8cb11c36d91bbc-496x372.jpg 496w, https:\/\/turismoburgos.digital\/wp-content\/uploads\/2022\/04\/2c337e8ff8ae0484aa8cb11c36d91bbc-512x384.jpg 512w\" sizes=\"(max-width: 736px) 100vw, 736px\" \/><\/a><figcaption>CASTROJERIZ<\/figcaption><\/figure>\n\n\n\n<p><strong>Es un ejemplo de urbanismo jacobeo, con las casas situadas alrededor de la calle-camino, que es la m\u00e1s larga de todas las que existen en la ruta jacobea. Como etapa importante del Camino de Santiago tuvo varios hospitales a lo largo de esta calle.<\/strong><\/p>\n\n\n\n<hr class=\"wp-block-separator\"\/>\n\n\n\n<figure class=\"wp-block-image size-full\"><a href=\"https:\/\/turismoburgos.es\/iterodelcastillo\/\"><img loading=\"lazy\" width=\"900\" height=\"505\" src=\"http:\/\/turismoburgos.digital\/wp-content\/uploads\/2022\/04\/Itero_del_Castillo_Burgos_Camino_Frances.jpg\" alt=\"\" class=\"wp-image-1640\" srcset=\"https:\/\/turismoburgos.digital\/wp-content\/uploads\/2022\/04\/Itero_del_Castillo_Burgos_Camino_Frances.jpg 900w, https:\/\/turismoburgos.digital\/wp-content\/uploads\/2022\/04\/Itero_del_Castillo_Burgos_Camino_Frances-300x168.jpg 300w, https:\/\/turismoburgos.digital\/wp-content\/uploads\/2022\/04\/Itero_del_Castillo_Burgos_Camino_Frances-768x431.jpg 768w, https:\/\/turismoburgos.digital\/wp-content\/uploads\/2022\/04\/Itero_del_Castillo_Burgos_Camino_Frances-496x278.jpg 496w, https:\/\/turismoburgos.digital\/wp-content\/uploads\/2022\/04\/Itero_del_Castillo_Burgos_Camino_Frances-800x449.jpg 800w, https:\/\/turismoburgos.digital\/wp-content\/uploads\/2022\/04\/Itero_del_Castillo_Burgos_Camino_Frances-512x287.jpg 512w\" sizes=\"(max-width: 900px) 100vw, 900px\" \/><\/a><figcaption>ITERO del CASTILLO<\/figcaption><\/figure>\n\n\n\n<p>Retomemos los versos descritos en los Montes de Oca:<\/p>\n\n\n\n<p>&#8220;&#8230; Entonces era Castiella un peque\u00f1o rinc\u00f3n.<br>Era de castellanos Montes d\u00b4 Oca moj\u00f3n.<br>E de otra parte Fitero el fond\u00f3n.<br>Moros ten\u00edan a Carazo en aquella saz\u00f3n&#8230;&#8221;<\/p>\n\n\n\n<p>Ya se encontrar\u00e1 en el &#8220;fond\u00f3n&#8221; jacobeo burgal\u00e9s. Se trata de la \u00faltima poblaci\u00f3n de la provincia de Burgos, en la que una torre defensiva domina el pueblo. Esta defensa perteneci\u00f3 al Duque de Fr\u00edas y al Condestable de Castilla. Pese a que en \u00e9pocas estivales son muy pocos los peregrinos que se acercan a esta localidad, existen unas dependencias en su ayuntamiento dedicadas a albergue.<\/p>\n<\/div>\n\n\n\n<div class=\"wp-block-column\"><\/div>\n<\/div>\n\n\n\n<hr class=\"wp-block-separator\"\/>\n\n\n\n<hr class=\"wp-block-separator\"\/>\n\n\n\n<h2>CAMINO de SANTIAGO. Burgos<\/h2>\n\n\n\n<iframe loading=\"lazy\" src=\"https:\/\/www.google.com\/maps\/d\/embed?mid=1DWh3rp8ns2et0N56GLUoQFFwQW2QK21J&#038;ehbc=2E312F\" width=\"1200\" height=\"480\"><\/iframe>\n\n\n\n<hr class=\"wp-block-separator\"\/>\n\n\n\n<hr class=\"wp-block-separator\"\/>\n","protected":false},"excerpt":{"rendered":"<p>Una vez abandonadas las tierras riojanas, como peregrino, te adentrar\u00e1s en las benditas tierras burgalesas.Ser\u00e1 todav\u00eda una prolongaci\u00f3n de lo caminado, tanto en su paisaje &hellip;<\/p>\n","protected":false},"author":1,"featured_media":1601,"parent":0,"menu_order":0,"comment_status":"closed","ping_status":"closed","template":"","meta":{"_monsterinsights_skip_tracking":false,"_monsterinsights_sitenote_active":false,"_monsterinsights_sitenote_note":"","_monsterinsights_sitenote_category":0},"_links":{"self":[{"href":"https:\/\/turismoburgos.digital\/index.php\/wp-json\/wp\/v2\/pages\/1597"}],"collection":[{"href":"https:\/\/turismoburgos.digital\/index.php\/wp-json\/wp\/v2\/pages"}],"about":[{"href":"https:\/\/turismoburgos.digital\/index.php\/wp-json\/wp\/v2\/types\/page"}],"author":[{"embeddable":true,"href":"https:\/\/turismoburgos.digital\/index.php\/wp-json\/wp\/v2\/users\/1"}],"replies":[{"embeddable":true,"href":"https:\/\/turismoburgos.digital\/index.php\/wp-json\/wp\/v2\/comments?post=1597"}],"version-history":[{"count":3,"href":"https:\/\/turismoburgos.digital\/index.php\/wp-json\/wp\/v2\/pages\/1597\/revisions"}],"predecessor-version":[{"id":1641,"href":"https:\/\/turismoburgos.digital\/index.php\/wp-json\/wp\/v2\/pages\/1597\/revisions\/1641"}],"wp:featuredmedia":[{"embeddable":true,"href":"https:\/\/turismoburgos.digital\/index.php\/wp-json\/wp\/v2\/media\/1601"}],"wp:attachment":[{"href":"https:\/\/turismoburgos.digital\/index.php\/wp-json\/wp\/v2\/media?parent=1597"}],"curies":[{"name":"wp","href":"https:\/\/api.w.org\/{rel}","templated":true}]}}